
{"id":335,"date":"2022-07-20T06:18:03","date_gmt":"2022-07-20T06:18:03","guid":{"rendered":"https:\/\/juliesavoie.com\/?page_id=335"},"modified":"2022-08-03T21:18:46","modified_gmt":"2022-08-03T21:18:46","slug":"travail-social-clinique-travail-social","status":"publish","type":"page","link":"https:\/\/juliesavoie.com\/en\/travail-social-clinique-travail-social\/","title":{"rendered":"Social work"},"content":{"rendered":"<div data-elementor-type=\"wp-page\" data-elementor-id=\"335\" class=\"elementor elementor-335\">\n\t\t\t\t\t\t\t\t\t<section class=\"elementor-section elementor-top-section elementor-element elementor-element-2976719 elementor-section-full_width elementor-section-height-min-height elementor-section-height-default elementor-section-items-middle\" data-id=\"2976719\" data-element_type=\"section\" data-settings=\"{&quot;background_background&quot;:&quot;classic&quot;}\">\n\t\t\t\t\t\t<div class=\"elementor-container elementor-column-gap-default\">\n\t\t\t\t\t<div class=\"elementor-column elementor-col-100 elementor-top-column elementor-element elementor-element-3ac173c\" data-id=\"3ac173c\" data-element_type=\"column\">\n\t\t\t<div class=\"elementor-widget-wrap elementor-element-populated\">\n\t\t\t\t\t\t\t\t<div class=\"elementor-element elementor-element-e9f40a4 elementor-widget elementor-widget-heading\" data-id=\"e9f40a4\" data-element_type=\"widget\" data-widget_type=\"heading.default\">\n\t\t\t\t<div class=\"elementor-widget-container\">\n\t\t\t<style>\/*! elementor - v3.15.0 - 09-08-2023 *\/\n.elementor-heading-title{padding:0;margin:0;line-height:1}.elementor-widget-heading .elementor-heading-title[class*=elementor-size-]>a{color:inherit;font-size:inherit;line-height:inherit}.elementor-widget-heading .elementor-heading-title.elementor-size-small{font-size:15px}.elementor-widget-heading .elementor-heading-title.elementor-size-medium{font-size:19px}.elementor-widget-heading .elementor-heading-title.elementor-size-large{font-size:29px}.elementor-widget-heading .elementor-heading-title.elementor-size-xl{font-size:39px}.elementor-widget-heading .elementor-heading-title.elementor-size-xxl{font-size:59px}<\/style><h2 class=\"elementor-heading-title elementor-size-default\">Clinical social work<\/h2>\t\t<\/div>\n\t\t\t\t<\/div>\n\t\t\t\t\t<\/div>\n\t\t<\/div>\n\t\t\t\t\t\t\t<\/div>\n\t\t<\/section>\n\t\t\t\t<section class=\"elementor-section elementor-top-section elementor-element elementor-element-9304e12 elementor-section-boxed elementor-section-height-default elementor-section-height-default\" data-id=\"9304e12\" data-element_type=\"section\">\n\t\t\t\t\t\t<div class=\"elementor-container elementor-column-gap-default\">\n\t\t\t\t\t<div class=\"elementor-column elementor-col-16 elementor-top-column elementor-element elementor-element-3b81d3e\" data-id=\"3b81d3e\" data-element_type=\"column\">\n\t\t\t<div class=\"elementor-widget-wrap\">\n\t\t\t\t\t\t\t\t\t<\/div>\n\t\t<\/div>\n\t\t\t\t<div class=\"elementor-column elementor-col-66 elementor-top-column elementor-element elementor-element-58ce3fe\" data-id=\"58ce3fe\" data-element_type=\"column\">\n\t\t\t<div class=\"elementor-widget-wrap elementor-element-populated\">\n\t\t\t\t\t\t\t\t<div class=\"elementor-element elementor-element-f285814 elementor-widget elementor-widget-heading\" data-id=\"f285814\" data-element_type=\"widget\" data-widget_type=\"heading.default\">\n\t\t\t\t<div class=\"elementor-widget-container\">\n\t\t\t<h2 class=\"elementor-heading-title elementor-size-default\">Social work<\/h2>\t\t<\/div>\n\t\t\t\t<\/div>\n\t\t\t\t<div class=\"elementor-element elementor-element-0a663c6 elementor-widget elementor-widget-text-editor\" data-id=\"0a663c6\" data-element_type=\"widget\" data-widget_type=\"text-editor.default\">\n\t\t\t\t<div class=\"elementor-widget-container\">\n\t\t\t<style>\/*! elementor - v3.15.0 - 09-08-2023 *\/\n.elementor-widget-text-editor.elementor-drop-cap-view-stacked .elementor-drop-cap{background-color:#69727d;color:#fff}.elementor-widget-text-editor.elementor-drop-cap-view-framed .elementor-drop-cap{color:#69727d;border:3px solid;background-color:transparent}.elementor-widget-text-editor:not(.elementor-drop-cap-view-default) .elementor-drop-cap{margin-top:8px}.elementor-widget-text-editor:not(.elementor-drop-cap-view-default) .elementor-drop-cap-letter{width:1em;height:1em}.elementor-widget-text-editor .elementor-drop-cap{float:left;text-align:center;line-height:1;font-size:50px}.elementor-widget-text-editor .elementor-drop-cap-letter{display:inline-block}<\/style>\t\t\t\t<p>As a clinical social worker, I aspire to promote an anti-oppressive and trauma-sensitive practice. Over the years, I have added to the humanistic principles studied at the Centre de Relation d'Aide de Montr\u00e9al (CRAM) by studying several approaches including internal family systems (IFS), mindful self-compassion, dialectical behaviour therapy (DBT), eye movement desensitization and reprocessing (EMDR), and child-centered play therapy (CCPT). It is with respect for your life story and your emotional journey that I propose to invite you to explore the difficult emotions, the unsatisfying relationships, and the painful life situations that bring you suffering.<\/p>\t\t\t\t\t\t<\/div>\n\t\t\t\t<\/div>\n\t\t\t\t<div class=\"elementor-element elementor-element-65d4bf3 elementor-widget elementor-widget-heading\" data-id=\"65d4bf3\" data-element_type=\"widget\" data-widget_type=\"heading.default\">\n\t\t\t\t<div class=\"elementor-widget-container\">\n\t\t\t<h2 class=\"elementor-heading-title elementor-size-default\">Targeted issues:<\/h2>\t\t<\/div>\n\t\t\t\t<\/div>\n\t\t\t\t<div class=\"elementor-element elementor-element-f551855 elementor-widget elementor-widget-text-editor\" data-id=\"f551855\" data-element_type=\"widget\" data-widget_type=\"text-editor.default\">\n\t\t\t\t<div class=\"elementor-widget-container\">\n\t\t\t\t\t\t\t<p>Stress <br \/>Self-esteem<br \/>Trauma and PTSD<br \/>Anxious and depressive symptoms <br \/>Regulation of strong emotions<br \/>Unsatisfactory interpersonal relationships <br \/>Family conflicts <br \/>Life transitions<\/p>\t\t\t\t\t\t<\/div>\n\t\t\t\t<\/div>\n\t\t\t\t<div class=\"elementor-element elementor-element-2342970 elementor-widget elementor-widget-text-editor\" data-id=\"2342970\" data-element_type=\"widget\" data-widget_type=\"text-editor.default\">\n\t\t\t\t<div class=\"elementor-widget-container\">\n\t\t\t\t\t\t\t<p>As a clinical social worker, I have experience with children, adolescents, adults, couples, and families. I endeavor to work with compassion,  professionalism, and non-judgment with all of my clients.<\/p>\t\t\t\t\t\t<\/div>\n\t\t\t\t<\/div>\n\t\t\t\t\t<\/div>\n\t\t<\/div>\n\t\t\t\t<div class=\"elementor-column elementor-col-16 elementor-top-column elementor-element elementor-element-8295cdc\" data-id=\"8295cdc\" data-element_type=\"column\">\n\t\t\t<div class=\"elementor-widget-wrap\">\n\t\t\t\t\t\t\t\t\t<\/div>\n\t\t<\/div>\n\t\t\t\t\t\t\t<\/div>\n\t\t<\/section>\n\t\t\t\t<section class=\"elementor-section elementor-top-section elementor-element elementor-element-a18b972 elementor-section-height-min-height elementor-section-boxed elementor-section-height-default elementor-section-items-middle\" data-id=\"a18b972\" data-element_type=\"section\" data-settings=\"{&quot;background_background&quot;:&quot;classic&quot;}\">\n\t\t\t\t\t\t<div class=\"elementor-container elementor-column-gap-default\">\n\t\t\t\t\t<div class=\"elementor-column elementor-col-33 elementor-top-column elementor-element elementor-element-9b34049\" data-id=\"9b34049\" data-element_type=\"column\" data-settings=\"{&quot;background_background&quot;:&quot;classic&quot;}\">\n\t\t\t<div class=\"elementor-widget-wrap elementor-element-populated\">\n\t\t\t\t\t\t\t\t<div class=\"elementor-element elementor-element-7a5011a elementor-widget elementor-widget-heading\" data-id=\"7a5011a\" data-element_type=\"widget\" data-widget_type=\"heading.default\">\n\t\t\t\t<div class=\"elementor-widget-container\">\n\t\t\t<h2 class=\"elementor-heading-title elementor-size-default\">\nAnxiety, Depression, and Emotion Regulation:<\/h2>\t\t<\/div>\n\t\t\t\t<\/div>\n\t\t\t\t<div class=\"elementor-element elementor-element-d424954 elementor-widget elementor-widget-text-editor\" data-id=\"d424954\" data-element_type=\"widget\" data-widget_type=\"text-editor.default\">\n\t\t\t\t<div class=\"elementor-widget-container\">\n\t\t\t\t\t\t\t<p>From everyday stress to generalized anxiety, anxio-depressive symptoms can come in many forms. My somato-emotional approach makes it possible to gently tame these symptoms in order to better understand their mechanism and to dissipate the discomfort affecting quality of life.<\/p>\t\t\t\t\t\t<\/div>\n\t\t\t\t<\/div>\n\t\t\t\t\t<\/div>\n\t\t<\/div>\n\t\t\t\t<div class=\"elementor-column elementor-col-33 elementor-top-column elementor-element elementor-element-3faf0a0\" data-id=\"3faf0a0\" data-element_type=\"column\" data-settings=\"{&quot;background_background&quot;:&quot;classic&quot;}\">\n\t\t\t<div class=\"elementor-widget-wrap elementor-element-populated\">\n\t\t\t\t\t\t\t\t<div class=\"elementor-element elementor-element-34562ef elementor-widget elementor-widget-heading\" data-id=\"34562ef\" data-element_type=\"widget\" data-widget_type=\"heading.default\">\n\t\t\t\t<div class=\"elementor-widget-container\">\n\t\t\t<h2 class=\"elementor-heading-title elementor-size-default\">Children<\/h2>\t\t<\/div>\n\t\t\t\t<\/div>\n\t\t\t\t<div class=\"elementor-element elementor-element-f9b18e4 elementor-widget elementor-widget-text-editor\" data-id=\"f9b18e4\" data-element_type=\"widget\" data-widget_type=\"text-editor.default\">\n\t\t\t\t<div class=\"elementor-widget-container\">\n\t\t\t\t\t\t\t<p>As children often navigate in the imaginary and the irrational realm, child-centered play therapy (CCPT) reaches them where they are at. First and foremost a humanist approach, CCPT\u2019s interventions allow the child to develop a sense of self and to express what they feel and their inner world through toys and imagination. Several interventions are used to set limits for unacceptable behaviors while respecting their pace, developmental stages, and emotional maturity.<\/p>\t\t\t\t\t\t<\/div>\n\t\t\t\t<\/div>\n\t\t\t\t\t<\/div>\n\t\t<\/div>\n\t\t\t\t<div class=\"elementor-column elementor-col-33 elementor-top-column elementor-element elementor-element-3001258\" data-id=\"3001258\" data-element_type=\"column\" data-settings=\"{&quot;background_background&quot;:&quot;classic&quot;}\">\n\t\t\t<div class=\"elementor-widget-wrap elementor-element-populated\">\n\t\t\t\t\t\t\t\t<div class=\"elementor-element elementor-element-117d53c elementor-widget elementor-widget-heading\" data-id=\"117d53c\" data-element_type=\"widget\" data-widget_type=\"heading.default\">\n\t\t\t\t<div class=\"elementor-widget-container\">\n\t\t\t<h2 class=\"elementor-heading-title elementor-size-default\">Trauma<\/h2>\t\t<\/div>\n\t\t\t\t<\/div>\n\t\t\t\t<div class=\"elementor-element elementor-element-2f0fb06 elementor-widget elementor-widget-text-editor\" data-id=\"2f0fb06\" data-element_type=\"widget\" data-widget_type=\"text-editor.default\">\n\t\t\t\t<div class=\"elementor-widget-container\">\n\t\t\t\t\t\t\t<p>Whether recognized traumatic events or subtle traumatization through repeated relationship ruptures, everyone's life story is rarely free of stress or trauma. Adopting a posture that assumes the presence of trauma is a therapist\u2019s attempt to avoid re-traumatizing clients while recognizing the pernicious nature of the emotional wounds that could have been experienced or intergenerationally inherited.\u00a0<\/p>\t\t\t\t\t\t<\/div>\n\t\t\t\t<\/div>\n\t\t\t\t\t<\/div>\n\t\t<\/div>\n\t\t\t\t\t\t\t<\/div>\n\t\t<\/section>\n\t\t\t\t<section class=\"elementor-section elementor-top-section elementor-element elementor-element-53654eb elementor-section-boxed elementor-section-height-default elementor-section-height-default\" data-id=\"53654eb\" data-element_type=\"section\">\n\t\t\t\t\t\t<div class=\"elementor-container elementor-column-gap-default\">\n\t\t\t\t\t<div class=\"elementor-column elementor-col-16 elementor-top-column elementor-element elementor-element-b4028b2\" data-id=\"b4028b2\" data-element_type=\"column\">\n\t\t\t<div class=\"elementor-widget-wrap\">\n\t\t\t\t\t\t\t\t\t<\/div>\n\t\t<\/div>\n\t\t\t\t<div class=\"elementor-column elementor-col-66 elementor-top-column elementor-element elementor-element-bdb322b\" data-id=\"bdb322b\" data-element_type=\"column\">\n\t\t\t<div class=\"elementor-widget-wrap elementor-element-populated\">\n\t\t\t\t\t\t\t\t<div class=\"elementor-element elementor-element-b8bd851 elementor-widget elementor-widget-heading\" data-id=\"b8bd851\" data-element_type=\"widget\" data-widget_type=\"heading.default\">\n\t\t\t\t<div class=\"elementor-widget-container\">\n\t\t\t<h2 class=\"elementor-heading-title elementor-size-default\">Other Resources<\/h2>\t\t<\/div>\n\t\t\t\t<\/div>\n\t\t\t\t<div class=\"elementor-element elementor-element-99e9c9e elementor-widget elementor-widget-text-editor\" data-id=\"99e9c9e\" data-element_type=\"widget\" data-widget_type=\"text-editor.default\">\n\t\t\t\t<div class=\"elementor-widget-container\">\n\t\t\t\t\t\t\t<ul><li><a title=\"Aller sur le site d'info sant\u00e9\" href=\"http:\/\/www.msss.gouv.qc.ca\/\" target=\"_blank\" rel=\"noopener\">info social : 811 option 2<\/a><\/li><\/ul><h2>Crisis Lines:<\/h2><ul><li>Anorexie et boulimie Qu\u00e9bec (ANEB)\u00a0:<br \/><strong>514 630-0907<\/strong>\u00a0ou\u00a0<strong>1 800 630-0907<\/strong><br \/><a title=\"Aller sur le site d'ANEB Qu\u00e9bec\" href=\"http:\/\/www.anebquebec.com\/\" target=\"_blank\" rel=\"noopener\">Website<\/a><\/li><li>Ligne parents\u00a0:<br \/><strong>514 288-5555<\/strong>\u00a0ou\u00a0<strong>1 800 361-5085<\/strong><br \/><a title=\"Aller sur le site de Ligne parents\" href=\"http:\/\/ligneparents.com\/\" target=\"_blank\" rel=\"noopener\">Website<\/a><\/li><li>S.O.S. Violence conjugale\u00a0:<br \/><strong>514 873-9010<\/strong>\u00a0ou\u00a0<strong>1 800 363-9010<\/strong><br \/><a title=\"Aller sur le site de S.O.S. Violence conjugale\" href=\"http:\/\/www.sosviolenceconjugale.ca\/\" target=\"_blank\" rel=\"noopener\">Website<\/a><\/li><li>Suicide Action Montr\u00e9al<br \/><strong>514 723-4000<\/strong>\u00a0ou\u00a0<strong>1 866-APPELLE (277-3553)<\/strong><br \/><a title=\"Aller sur le site de Suicide Action Montr\u00e9al\" href=\"http:\/\/www.suicideactionmontreal.org\/\" target=\"_blank\" rel=\"noopener\">Website<\/a><\/li><li>Tel aide\u00a0:<br \/><strong>514 493-4484<\/strong><br \/><a title=\"Aller sur le site de Tel aide\" href=\"http:\/\/www.tel-ecoute.org\/\" target=\"_blank\" rel=\"noopener\">Website<\/a><\/li><li>Jeunesse J&rsquo;\u00e9coute::<br \/><strong>1 800 668-6868<\/strong><br \/><a title=\"Aller sur le site de Tel aide\" href=\"http:\/\/www.jeunessejecoute.ca\" target=\"_blank\" rel=\"noopener\">Website<\/a><\/li><\/ul>\t\t\t\t\t\t<\/div>\n\t\t\t\t<\/div>\n\t\t\t\t\t<\/div>\n\t\t<\/div>\n\t\t\t\t<div class=\"elementor-column elementor-col-16 elementor-top-column elementor-element elementor-element-35d6a27\" data-id=\"35d6a27\" data-element_type=\"column\">\n\t\t\t<div class=\"elementor-widget-wrap\">\n\t\t\t\t\t\t\t\t\t<\/div>\n\t\t<\/div>\n\t\t\t\t\t\t\t<\/div>\n\t\t<\/section>\n\t\t\t\t\t\t\t<\/div>","protected":false},"excerpt":{"rendered":"<p>Travail social clinique Travail Social Travailleuse sociale clinicienne, j\u2019aspire \u00e0 promouvoir une pratique anti-oppressive et sensible au trauma. Au fil des ans, j\u2019ai ajout\u00e9 aux principes humanistes \u00e9tudi\u00e9s au Centre de Relation d\u2019Aide de Montr\u00e9al (CRAM) en \u00e9tudiant plusieurs approches dont l\u2019internal family systems (IFS), l&rsquo;auto-compassion en pleine conscience, le DBT, l\u2019EMDR et la th\u00e9rapie [&hellip;]<\/p>","protected":false},"author":1,"featured_media":0,"parent":0,"menu_order":0,"comment_status":"closed","ping_status":"closed","template":"elementor_header_footer","meta":{"footnotes":""},"class_list":["post-335","page","type-page","status-publish","hentry","entry"],"yoast_head":"<!-- This site is optimized with the Yoast SEO plugin v20.13 - https:\/\/yoast.com\/wordpress\/plugins\/seo\/ -->\n<title>Travail social - Julie Savoie Montr\u00e9al shiatsu et travail social<\/title>\n<meta name=\"robots\" content=\"index, follow, max-snippet:-1, max-image-preview:large, max-video-preview:-1\" \/>\n<link rel=\"canonical\" href=\"https:\/\/juliesavoie.com\/en\/travail-social-clinique-travail-social\/\" \/>\n<meta property=\"og:locale\" content=\"en_US\" \/>\n<meta property=\"og:type\" content=\"article\" \/>\n<meta property=\"og:title\" content=\"Travail social - Julie Savoie Montr\u00e9al shiatsu et travail social\" \/>\n<meta property=\"og:description\" content=\"Travail social clinique Travail Social Travailleuse sociale clinicienne, j\u2019aspire \u00e0 promouvoir une pratique anti-oppressive et sensible au trauma. Au fil des ans, j\u2019ai ajout\u00e9 aux principes humanistes \u00e9tudi\u00e9s au Centre de Relation d\u2019Aide de Montr\u00e9al (CRAM) en \u00e9tudiant plusieurs approches dont l\u2019internal family systems (IFS), l&rsquo;auto-compassion en pleine conscience, le DBT, l\u2019EMDR et la th\u00e9rapie [&hellip;]\" \/>\n<meta property=\"og:url\" content=\"https:\/\/juliesavoie.com\/en\/travail-social-clinique-travail-social\/\" \/>\n<meta property=\"og:site_name\" content=\"Julie Savoie Montr\u00e9al shiatsu et travail social\" \/>\n<meta property=\"article:modified_time\" content=\"2022-08-03T21:18:46+00:00\" \/>\n<meta name=\"twitter:card\" content=\"summary_large_image\" \/>\n<meta name=\"twitter:label1\" content=\"Est. reading time\" \/>\n\t<meta name=\"twitter:data1\" content=\"2 minutes\" \/>\n<script type=\"application\/ld+json\" class=\"yoast-schema-graph\">{\"@context\":\"https:\/\/schema.org\",\"@graph\":[{\"@type\":\"WebPage\",\"@id\":\"https:\/\/juliesavoie.com\/travail-social-clinique-travail-social\/\",\"url\":\"https:\/\/juliesavoie.com\/travail-social-clinique-travail-social\/\",\"name\":\"Travail social - Julie Savoie Montr\u00e9al shiatsu et travail social\",\"isPartOf\":{\"@id\":\"https:\/\/juliesavoie.com\/#website\"},\"datePublished\":\"2022-07-20T06:18:03+00:00\",\"dateModified\":\"2022-08-03T21:18:46+00:00\",\"breadcrumb\":{\"@id\":\"https:\/\/juliesavoie.com\/travail-social-clinique-travail-social\/#breadcrumb\"},\"inLanguage\":\"en-CA\",\"potentialAction\":[{\"@type\":\"ReadAction\",\"target\":[\"https:\/\/juliesavoie.com\/travail-social-clinique-travail-social\/\"]}]},{\"@type\":\"BreadcrumbList\",\"@id\":\"https:\/\/juliesavoie.com\/travail-social-clinique-travail-social\/#breadcrumb\",\"itemListElement\":[{\"@type\":\"ListItem\",\"position\":1,\"name\":\"Accueil\",\"item\":\"https:\/\/juliesavoie.com\/\"},{\"@type\":\"ListItem\",\"position\":2,\"name\":\"Travail social\"}]},{\"@type\":\"WebSite\",\"@id\":\"https:\/\/juliesavoie.com\/#website\",\"url\":\"https:\/\/juliesavoie.com\/\",\"name\":\"Julie Savoie Montr\u00e9al shiatsu et travail social\",\"description\":\"Massoth\u00e9rapeute en shiatsu depuis de nombreuses ann\u00e9es, dipl\u00f4m\u00e9e en acupuncture et th\u00e9rapeute en relation d\u2019aide, j\u2019aime la complicit\u00e9 du travail th\u00e9rapeutique avec mes clients. D\u00e9couvrir l\u2019autre dans son intimit\u00e9 par ce qu\u2019il me raconte ou ce que son corps d\u00e9voile de blessures et d\u2019histoire personnelle demeure un privil\u00e8ge \u00e0 chaque rencontre. Quelles que soient les raisons pour lesquelles on souffre, le shiatsu avec la perspective de m\u00e9decine orientale, l\u2019anatomie du mouvement et le fonctionnement psychique donnent des r\u00e9sultats convaincants.\",\"potentialAction\":[{\"@type\":\"SearchAction\",\"target\":{\"@type\":\"EntryPoint\",\"urlTemplate\":\"https:\/\/juliesavoie.com\/?s={search_term_string}\"},\"query-input\":\"required name=search_term_string\"}],\"inLanguage\":\"en-CA\"}]}<\/script>\n<!-- \/ Yoast SEO plugin. -->","yoast_head_json":{"title":"Travail social - Julie Savoie Montr\u00e9al shiatsu et travail social","robots":{"index":"index","follow":"follow","max-snippet":"max-snippet:-1","max-image-preview":"max-image-preview:large","max-video-preview":"max-video-preview:-1"},"canonical":"https:\/\/juliesavoie.com\/en\/travail-social-clinique-travail-social\/","og_locale":"en_US","og_type":"article","og_title":"Travail social - Julie Savoie Montr\u00e9al shiatsu et travail social","og_description":"Travail social clinique Travail Social Travailleuse sociale clinicienne, j\u2019aspire \u00e0 promouvoir une pratique anti-oppressive et sensible au trauma. Au fil des ans, j\u2019ai ajout\u00e9 aux principes humanistes \u00e9tudi\u00e9s au Centre de Relation d\u2019Aide de Montr\u00e9al (CRAM) en \u00e9tudiant plusieurs approches dont l\u2019internal family systems (IFS), l&rsquo;auto-compassion en pleine conscience, le DBT, l\u2019EMDR et la th\u00e9rapie [&hellip;]","og_url":"https:\/\/juliesavoie.com\/en\/travail-social-clinique-travail-social\/","og_site_name":"Julie Savoie Montr\u00e9al shiatsu et travail social","article_modified_time":"2022-08-03T21:18:46+00:00","twitter_card":"summary_large_image","twitter_misc":{"Est. reading time":"2 minutes"},"schema":{"@context":"https:\/\/schema.org","@graph":[{"@type":"WebPage","@id":"https:\/\/juliesavoie.com\/travail-social-clinique-travail-social\/","url":"https:\/\/juliesavoie.com\/travail-social-clinique-travail-social\/","name":"Travail social - Julie Savoie Montr\u00e9al shiatsu et travail social","isPartOf":{"@id":"https:\/\/juliesavoie.com\/#website"},"datePublished":"2022-07-20T06:18:03+00:00","dateModified":"2022-08-03T21:18:46+00:00","breadcrumb":{"@id":"https:\/\/juliesavoie.com\/travail-social-clinique-travail-social\/#breadcrumb"},"inLanguage":"en-CA","potentialAction":[{"@type":"ReadAction","target":["https:\/\/juliesavoie.com\/travail-social-clinique-travail-social\/"]}]},{"@type":"BreadcrumbList","@id":"https:\/\/juliesavoie.com\/travail-social-clinique-travail-social\/#breadcrumb","itemListElement":[{"@type":"ListItem","position":1,"name":"Accueil","item":"https:\/\/juliesavoie.com\/"},{"@type":"ListItem","position":2,"name":"Travail social"}]},{"@type":"WebSite","@id":"https:\/\/juliesavoie.com\/#website","url":"https:\/\/juliesavoie.com\/","name":"Julie Savoie Montr\u00e9al shiatsu et travail social","description":"Massoth\u00e9rapeute en shiatsu depuis de nombreuses ann\u00e9es, dipl\u00f4m\u00e9e en acupuncture et th\u00e9rapeute en relation d\u2019aide, j\u2019aime la complicit\u00e9 du travail th\u00e9rapeutique avec mes clients. D\u00e9couvrir l\u2019autre dans son intimit\u00e9 par ce qu\u2019il me raconte ou ce que son corps d\u00e9voile de blessures et d\u2019histoire personnelle demeure un privil\u00e8ge \u00e0 chaque rencontre. Quelles que soient les raisons pour lesquelles on souffre, le shiatsu avec la perspective de m\u00e9decine orientale, l\u2019anatomie du mouvement et le fonctionnement psychique donnent des r\u00e9sultats convaincants.","potentialAction":[{"@type":"SearchAction","target":{"@type":"EntryPoint","urlTemplate":"https:\/\/juliesavoie.com\/?s={search_term_string}"},"query-input":"required name=search_term_string"}],"inLanguage":"en-CA"}]}},"_links":{"self":[{"href":"https:\/\/juliesavoie.com\/en\/wp-json\/wp\/v2\/pages\/335","targetHints":{"allow":["GET"]}}],"collection":[{"href":"https:\/\/juliesavoie.com\/en\/wp-json\/wp\/v2\/pages"}],"about":[{"href":"https:\/\/juliesavoie.com\/en\/wp-json\/wp\/v2\/types\/page"}],"author":[{"embeddable":true,"href":"https:\/\/juliesavoie.com\/en\/wp-json\/wp\/v2\/users\/1"}],"replies":[{"embeddable":true,"href":"https:\/\/juliesavoie.com\/en\/wp-json\/wp\/v2\/comments?post=335"}],"version-history":[{"count":84,"href":"https:\/\/juliesavoie.com\/en\/wp-json\/wp\/v2\/pages\/335\/revisions"}],"predecessor-version":[{"id":1058,"href":"https:\/\/juliesavoie.com\/en\/wp-json\/wp\/v2\/pages\/335\/revisions\/1058"}],"wp:attachment":[{"href":"https:\/\/juliesavoie.com\/en\/wp-json\/wp\/v2\/media?parent=335"}],"curies":[{"name":"wp","href":"https:\/\/api.w.org\/{rel}","templated":true}]}}